{"id":1081,"date":"2025-03-27T13:38:35","date_gmt":"2025-03-27T13:38:35","guid":{"rendered":"https:\/\/dvpb-bayern2024sicherung.webdesign-schwaben.de\/?page_id=1081"},"modified":"2026-04-15T10:54:44","modified_gmt":"2026-04-15T10:54:44","slug":"aktuelles","status":"publish","type":"page","link":"https:\/\/www.tuecher-buecher.de\/index.php\/aktuelles\/","title":{"rendered":"Aktuelles"},"content":{"rendered":"\n<div class=\"et_pb_section_0 et_pb_section et_section_regular et_block_section et_animated\"><div class=\"et_pb_row_0 et_pb_row et_block_row\"><div class=\"et_pb_column_0 et_pb_column et_pb_column_4_4 et-last-child et_block_column et_pb_css_mix_blend_mode_passthrough\"><div class=\"et_pb_text_0 et_pb_text et_pb_bg_layout_light et_pb_module et_block_module\"><div class=\"et_pb_text_inner\"><h2 style=\"text-align: center;\"><strong>Aktuelle Nachrichten<\/strong><\/h2>\n<\/div><\/div><\/div><\/div><div class=\"et_pb_row_1 et_pb_row et_block_row\"><div class=\"et_pb_column_1 et_pb_column et_pb_column_4_4 et-last-child et_block_column et_pb_css_mix_blend_mode_passthrough\"><div class=\"et_pb_blog_0 et_pb_blog et_pb_bg_layout_light et_pb_posts et_pb_module\"><div class=\"et_pb_ajax_pagination_container\"><div class=\"et_pb_posts et_grid_module\"><article class=\"et_pb_post et_pb_post_id_3032 clearfix et_pb_blog_item_0_0 post-3032 post type-post status-publish format-standard has-post-thumbnail hentry category-aktuelles category-galerie\"><div class=\"et_pb_image_container\"><a href=\"https:\/\/www.tuecher-buecher.de\/index.php\/2026\/04\/21\/bilder-der-matinee-am-12-april-auf-den-spuren-von-brechts-solidaritaetslied-1933-1934-hein-kohn-und-ernst-busch\/\" class=\"entry-featured-image-url\"><img loading=\"lazy\" decoding=\"async\" src=\"https:\/\/www.tuecher-buecher.de\/wp-content\/uploads\/2026\/04\/Matinee-12April2026-Solidaritaetslied-02504.jpg\" width=\"400\" height=\"284\" alt=\"Bilder der Matin\u00e8e am 12. April &#8211; Auf den Spuren von Brechts \u201eSolidarit\u00e4tslied\u201c \u2013 1933\/1934: Hein Kohn und Ernst Busch\" class=\"\" srcset=\"https:\/\/www.tuecher-buecher.de\/wp-content\/uploads\/2026\/04\/Matinee-12April2026-Solidaritaetslied-02504.jpg 479w, https:\/\/www.tuecher-buecher.de\/wp-content\/uploads\/2026\/04\/Matinee-12April2026-Solidaritaetslied-02504-400x284.jpg 480w\" sizes=\"(max-width:479px) 479px, 100vw\" \/><span data-icon=\"\ue050\" class=\"et_overlay et_pb_inline_icon\"><\/span><\/a><\/div><h2 class=\"entry-title\"><a href=\"https:\/\/www.tuecher-buecher.de\/index.php\/2026\/04\/21\/bilder-der-matinee-am-12-april-auf-den-spuren-von-brechts-solidaritaetslied-1933-1934-hein-kohn-und-ernst-busch\/\">Bilder der Matin\u00e8e am 12. April &#8211; Auf den Spuren von Brechts \u201eSolidarit\u00e4tslied\u201c \u2013 1933\/1934: Hein Kohn und Ernst Busch<\/a><\/h2><p class=\"post-meta\"><span class=\"published\">Apr. 21, 2026<\/span><\/p><div class=\"post-content\"><div class=\"post-content-inner\"><p>Hier sehen Sie Fotos von der Matin\u00e8e zum Solidarit\u00e4tslied mit Karla Andr\u00e4 (S\u00e4ngerin, Schauspielerin). Moderation: Dr. Ingvild Richardsen (Kuratorin) und Uta L\u00f6hrer (BLZ).<\/p>\n<\/div><\/div><\/article><article class=\"et_pb_post et_pb_post_id_2860 clearfix et_pb_blog_item_0_1 post-2860 post type-post status-publish format-standard has-post-thumbnail hentry category-aktuelles\"><div class=\"et_pb_image_container\"><a href=\"https:\/\/www.tuecher-buecher.de\/index.php\/2026\/03\/13\/das-faltblatt-zur-ausstellung\/\" class=\"entry-featured-image-url\"><img loading=\"lazy\" decoding=\"async\" src=\"https:\/\/www.tuecher-buecher.de\/wp-content\/uploads\/2026\/03\/Tuecher-und-Buecher_Faltblatt_Aussenseite.jpg\" width=\"400\" height=\"284\" alt=\"Das Faltblatt zur Ausstellung\" class=\"\" srcset=\"https:\/\/www.tuecher-buecher.de\/wp-content\/uploads\/2026\/03\/Tuecher-und-Buecher_Faltblatt_Aussenseite.jpg 479w, https:\/\/www.tuecher-buecher.de\/wp-content\/uploads\/2026\/03\/Tuecher-und-Buecher_Faltblatt_Aussenseite-400x284.jpg 480w\" sizes=\"(max-width:479px) 479px, 100vw\" \/><span data-icon=\"\ue050\" class=\"et_overlay et_pb_inline_icon\"><\/span><\/a><\/div><h2 class=\"entry-title\"><a href=\"https:\/\/www.tuecher-buecher.de\/index.php\/2026\/03\/13\/das-faltblatt-zur-ausstellung\/\">Das Faltblatt zur Ausstellung<\/a><\/h2><p class=\"post-meta\"><span class=\"published\">M\u00e4rz 13, 2026<\/span><\/p><div class=\"post-content\"><div class=\"post-content-inner\"><p>Unser offizielles 6-seitiges Faltblatt zur Ausstellung<\/p>\n<\/div><\/div><\/article><article class=\"et_pb_post et_pb_post_id_2791 clearfix et_pb_blog_item_0_2 post-2791 post type-post status-publish format-standard has-post-thumbnail hentry category-aktuelles category-veranstaltungen\"><div class=\"et_pb_image_container\"><a href=\"https:\/\/www.tuecher-buecher.de\/index.php\/2026\/02\/21\/so-12-april-11-uhr-auf-den-spuren-von-brechts-solidaritaetslied-1933-1934-hein-kohn-und-ernst-busch-matinee-zur-sonderausstellung\/\" class=\"entry-featured-image-url\"><img loading=\"lazy\" decoding=\"async\" src=\"https:\/\/www.tuecher-buecher.de\/wp-content\/uploads\/2026\/02\/Bildschirmfoto-2026-02-21-um-12.41.15.png\" width=\"374\" height=\"284\" alt=\"So., 12. April, 11 Uhr Auf den Spuren von Brechts \u201eSolidarit\u00e4tslied\u201c \u2013 1933\/1934: Hein Kohn und Ernst Busch MATINEE ZUR SONDERAUSSTELLUNG\" class=\"\" srcset=\"https:\/\/www.tuecher-buecher.de\/wp-content\/uploads\/2026\/02\/Bildschirmfoto-2026-02-21-um-12.41.15.png 479w, https:\/\/www.tuecher-buecher.de\/wp-content\/uploads\/2026\/02\/Bildschirmfoto-2026-02-21-um-12.41.15-374x284.png 480w\" sizes=\"(max-width:479px) 479px, 100vw\" \/><span data-icon=\"\ue050\" class=\"et_overlay et_pb_inline_icon\"><\/span><\/a><\/div><h2 class=\"entry-title\"><a href=\"https:\/\/www.tuecher-buecher.de\/index.php\/2026\/02\/21\/so-12-april-11-uhr-auf-den-spuren-von-brechts-solidaritaetslied-1933-1934-hein-kohn-und-ernst-busch-matinee-zur-sonderausstellung\/\">So., 12. April, 11 Uhr Auf den Spuren von Brechts \u201eSolidarit\u00e4tslied\u201c \u2013 1933\/1934: Hein Kohn und Ernst Busch MATINEE ZUR SONDERAUSSTELLUNG<\/a><\/h2><p class=\"post-meta\"><span class=\"published\">Feb. 21, 2026<\/span><\/p><div class=\"post-content\"><div class=\"post-content-inner\"><p>Die Matinee widmet sich der\u00a0 Kraft von Brechts \u201eSolidarit\u00e4tslied\u201c. Der Eintritt ist frei!<\/p>\n<\/div><\/div><\/article><article class=\"et_pb_post et_pb_post_id_2772 clearfix et_pb_blog_item_0_3 post-2772 post type-post status-publish format-standard has-post-thumbnail hentry category-aktuelles category-audiobeitrag\"><div class=\"et_pb_image_container\"><a href=\"https:\/\/www.tuecher-buecher.de\/index.php\/2026\/02\/21\/radiobeitrag-von-literaturradio-hoerbahn-aus-muenchen-zur-ausstellung-tuecher-und-buecher-im-brechthaus-in-augsburg\/\" class=\"entry-featured-image-url\"><img loading=\"lazy\" decoding=\"async\" src=\"https:\/\/www.tuecher-buecher.de\/wp-content\/uploads\/2026\/02\/Vernissage-12Febr2026-Tuecher_und_Buecher-00680.jpg\" width=\"400\" height=\"284\" alt=\"Dr. Uwe Kullnick, Drs. Linda Kohn, Menno Kohn\" class=\"\" srcset=\"https:\/\/www.tuecher-buecher.de\/wp-content\/uploads\/2026\/02\/Vernissage-12Febr2026-Tuecher_und_Buecher-00680.jpg 479w, https:\/\/www.tuecher-buecher.de\/wp-content\/uploads\/2026\/02\/Vernissage-12Febr2026-Tuecher_und_Buecher-00680-400x284.jpg 480w\" sizes=\"(max-width:479px) 479px, 100vw\" \/><span data-icon=\"\ue050\" class=\"et_overlay et_pb_inline_icon\"><\/span><\/a><\/div><h2 class=\"entry-title\"><a href=\"https:\/\/www.tuecher-buecher.de\/index.php\/2026\/02\/21\/radiobeitrag-von-literaturradio-hoerbahn-aus-muenchen-zur-ausstellung-tuecher-und-buecher-im-brechthaus-in-augsburg\/\">Radiobeitrag von Literaturradio H\u00f6rbahn aus M\u00fcnchen zur Ausstellung &#8222;T\u00fccher und B\u00fccher&#8220; im Brechthaus in Augsburg<\/a><\/h2><p class=\"post-meta\"><span class=\"published\">Feb. 21, 2026<\/span><\/p><div class=\"post-content\"><div class=\"post-content-inner\"><p> Dr. Uwe Kullnick (Literaturradio H\u00f6rbahn) Kulturradiobeitrag mit Interviews zur Ausstellung &#8222;T\u00fccher und B\u00fccher&#8220; im Brechthaus Augsburg. Anh\u00f6hren lohnt sich!<\/p>\n<\/div><\/div><\/article><article class=\"et_pb_post et_pb_post_id_2369 clearfix et_pb_blog_item_0_4 post-2369 post type-post status-publish format-standard has-post-thumbnail hentry category-aktuelles category-galerie\"><div class=\"et_pb_image_container\"><a href=\"https:\/\/www.tuecher-buecher.de\/index.php\/2026\/02\/19\/bilder-der-vernissage-am-12-februar-2026\/\" class=\"entry-featured-image-url\"><img loading=\"lazy\" decoding=\"async\" src=\"https:\/\/www.tuecher-buecher.de\/wp-content\/uploads\/2026\/02\/Vernissage-12Febr2026-Tuecher_und_Buecher-00880.jpg\" width=\"400\" height=\"284\" alt=\"Bilder der Vernissage am 12. Februar 2026\" class=\"\" srcset=\"https:\/\/www.tuecher-buecher.de\/wp-content\/uploads\/2026\/02\/Vernissage-12Febr2026-Tuecher_und_Buecher-00880.jpg 479w, https:\/\/www.tuecher-buecher.de\/wp-content\/uploads\/2026\/02\/Vernissage-12Febr2026-Tuecher_und_Buecher-00880-400x284.jpg 480w\" sizes=\"(max-width:479px) 479px, 100vw\" \/><span data-icon=\"\ue050\" class=\"et_overlay et_pb_inline_icon\"><\/span><\/a><\/div><h2 class=\"entry-title\"><a href=\"https:\/\/www.tuecher-buecher.de\/index.php\/2026\/02\/19\/bilder-der-vernissage-am-12-februar-2026\/\">Bilder der Vernissage am 12. Februar 2026<\/a><\/h2><p class=\"post-meta\"><span class=\"published\">Feb. 19, 2026<\/span><\/p><div class=\"post-content\"><div class=\"post-content-inner\"><p>Hier sehen Sie Bilder der Vernissage am 12. Februar 2026 im Brechthaus in Augsburg.<\/p>\n<\/div><\/div><\/article><article class=\"et_pb_post et_pb_post_id_2386 clearfix et_pb_blog_item_0_5 post-2386 post type-post status-publish format-standard has-post-thumbnail hentry category-aktuelles category-galerie\"><div class=\"et_pb_image_container\"><a href=\"https:\/\/www.tuecher-buecher.de\/index.php\/2026\/02\/17\/bilder-der-matinee-am-15-februar-2026\/\" class=\"entry-featured-image-url\"><img loading=\"lazy\" decoding=\"async\" src=\"https:\/\/www.tuecher-buecher.de\/wp-content\/uploads\/2026\/02\/WhatsApp-Image-2026-02-17-at-14.49.05-2.jpeg\" width=\"400\" height=\"284\" alt=\"Bilder der Matin\u00e8e am 15. Februar 2026\" class=\"\" srcset=\"https:\/\/www.tuecher-buecher.de\/wp-content\/uploads\/2026\/02\/WhatsApp-Image-2026-02-17-at-14.49.05-2.jpeg 479w, https:\/\/www.tuecher-buecher.de\/wp-content\/uploads\/2026\/02\/WhatsApp-Image-2026-02-17-at-14.49.05-2-400x284.jpeg 480w\" sizes=\"(max-width:479px) 479px, 100vw\" \/><span data-icon=\"\ue050\" class=\"et_overlay et_pb_inline_icon\"><\/span><\/a><\/div><h2 class=\"entry-title\"><a href=\"https:\/\/www.tuecher-buecher.de\/index.php\/2026\/02\/17\/bilder-der-matinee-am-15-februar-2026\/\">Bilder der Matin\u00e8e am 15. Februar 2026<\/a><\/h2><p class=\"post-meta\"><span class=\"published\">Feb. 17, 2026<\/span><\/p><div class=\"post-content\"><div class=\"post-content-inner\"><p>Hier sehen Sie Fotos von der Matin\u00e8e mit Menno Kohn und Linda Kohn vom &#8222;ILB&#8220;. Moderation: Dr. Ingvild Richardsen (Kuratorin) und Uta L\u00f6hrer (BLZ).<\/p>\n<\/div><\/div><\/article><article class=\"et_pb_post et_pb_post_id_2117 clearfix et_pb_blog_item_0_6 post-2117 post type-post status-publish format-standard has-post-thumbnail hentry category-aktuelles\"><div class=\"et_pb_image_container\"><a href=\"https:\/\/www.tuecher-buecher.de\/index.php\/2026\/02\/12\/joel-j-cahen-amsterdam-grusswort-zur-ausstellungseroeffnung\/\" class=\"entry-featured-image-url\"><img loading=\"lazy\" decoding=\"async\" src=\"https:\/\/www.tuecher-buecher.de\/wp-content\/uploads\/2026\/02\/WhatsApp-Image-2026-02-12-at-17.23.15-1.jpeg\" width=\"400\" height=\"284\" alt=\"Jo\u00ebl J. Cahen (Amsterdam) Grusswort zur Ausstellungser\u00f6ffnung\" class=\"\" srcset=\"https:\/\/www.tuecher-buecher.de\/wp-content\/uploads\/2026\/02\/WhatsApp-Image-2026-02-12-at-17.23.15-1.jpeg 479w, https:\/\/www.tuecher-buecher.de\/wp-content\/uploads\/2026\/02\/WhatsApp-Image-2026-02-12-at-17.23.15-1-400x284.jpeg 480w\" sizes=\"(max-width:479px) 479px, 100vw\" \/><span data-icon=\"\ue050\" class=\"et_overlay et_pb_inline_icon\"><\/span><\/a><\/div><h2 class=\"entry-title\"><a href=\"https:\/\/www.tuecher-buecher.de\/index.php\/2026\/02\/12\/joel-j-cahen-amsterdam-grusswort-zur-ausstellungseroeffnung\/\">Jo\u00ebl J. Cahen ( Amsterdam) Grusswort zur Ausstellungser\u00f6ffnung<\/a><\/h2><p class=\"post-meta\"><span class=\"published\">Feb. 12, 2026<\/span><\/p><div class=\"post-content\"><div class=\"post-content-inner\"><p>Im Rahmen der Ausstellung \u201eTu\u0308cher und Bu\u0308cher\u201c l\u00e4dt diese Matinee dazu ein, die literarische Welt der niederl\u00e4ndischen Literaturagentur von Hein Kohn zu entdecken&#8230;<\/p>\n<\/div><\/div><\/article><article class=\"et_pb_post et_pb_post_id_1987 clearfix et_pb_blog_item_0_7 post-1987 post type-post status-publish format-standard has-post-thumbnail hentry category-aktuelles\"><div class=\"et_pb_image_container\"><a href=\"https:\/\/www.tuecher-buecher.de\/index.php\/2026\/02\/09\/sonderausstellung-im-brechthaus-von-augsburg-in-die-niederlande-hein-kohn-1907-1979-brechtfreund-legendaerer-exilverleger-literaturagent-und-kulturvermittler-2\/\" class=\"entry-featured-image-url\"><img loading=\"lazy\" decoding=\"async\" src=\"https:\/\/www.tuecher-buecher.de\/wp-content\/uploads\/2026\/02\/Bildschirmfoto-2026-02-09-um-10.36.59.png\" width=\"400\" height=\"284\" alt=\"So., 15. Februar, 11 Uhr &#8211; MATINEE ZUR SONDERAUSSTELLUNG &#8211; Gespr\u00e4ch mit Hein Kohns Sohn Menno Kohn und seiner Enkelin Linda Kohn\" class=\"\" srcset=\"https:\/\/www.tuecher-buecher.de\/wp-content\/uploads\/2026\/02\/Bildschirmfoto-2026-02-09-um-10.36.59.png 479w, https:\/\/www.tuecher-buecher.de\/wp-content\/uploads\/2026\/02\/Bildschirmfoto-2026-02-09-um-10.36.59-400x284.png 480w\" sizes=\"(max-width:479px) 479px, 100vw\" \/><span data-icon=\"\ue050\" class=\"et_overlay et_pb_inline_icon\"><\/span><\/a><\/div><h2 class=\"entry-title\"><a href=\"https:\/\/www.tuecher-buecher.de\/index.php\/2026\/02\/09\/sonderausstellung-im-brechthaus-von-augsburg-in-die-niederlande-hein-kohn-1907-1979-brechtfreund-legendaerer-exilverleger-literaturagent-und-kulturvermittler-2\/\">So., 15. Februar, 11 Uhr &#8211; MATINEE ZUR SONDERAUSSTELLUNG &#8211; Gespr\u00e4ch mit Hein Kohns Sohn Menno Kohn und seiner Enkelin Linda Kohn<\/a><\/h2><p class=\"post-meta\"><span class=\"published\">Feb. 9, 2026<\/span><\/p><div class=\"post-content\"><div class=\"post-content-inner\"><p>Im Rahmen der Ausstellung \u201eTu\u0308cher und Bu\u0308cher\u201c l\u00e4dt diese Matinee dazu ein, die literarische Welt der niederl\u00e4ndischen Literaturagentur von Hein Kohn zu entdecken&#8230;<\/p>\n<\/div><\/div><\/article><article class=\"et_pb_post et_pb_post_id_1678 clearfix et_pb_blog_item_0_8 post-1678 post type-post status-publish format-standard has-post-thumbnail hentry category-aktuelles\"><div class=\"et_pb_image_container\"><a href=\"https:\/\/www.tuecher-buecher.de\/index.php\/2025\/11\/07\/sonderausstellung-im-brechthaus-von-augsburg-in-die-niederlande-hein-kohn-1907-1979-brechtfreund-legendaerer-exilverleger-literaturagent-und-kulturvermittler\/\" class=\"entry-featured-image-url\"><img loading=\"lazy\" decoding=\"async\" src=\"https:\/\/www.tuecher-buecher.de\/wp-content\/uploads\/2026\/02\/PHOTO-2026-01-13-10-09-35-Kopie-2.png\" width=\"400\" height=\"284\" alt=\"Sonderausstellung im Brechthaus: Von Augsburg in die Niederlande: Hein Kohn (1907 \u2013 1979). Brechtfreund, legend\u00e4rer Exilverleger, Literaturagent und Kulturvermittler\" class=\"\" srcset=\"https:\/\/www.tuecher-buecher.de\/wp-content\/uploads\/2026\/02\/PHOTO-2026-01-13-10-09-35-Kopie-2.png 479w, https:\/\/www.tuecher-buecher.de\/wp-content\/uploads\/2026\/02\/PHOTO-2026-01-13-10-09-35-Kopie-2-400x284.png 480w\" sizes=\"(max-width:479px) 479px, 100vw\" \/><span data-icon=\"\ue050\" class=\"et_overlay et_pb_inline_icon\"><\/span><\/a><\/div><h2 class=\"entry-title\"><a href=\"https:\/\/www.tuecher-buecher.de\/index.php\/2025\/11\/07\/sonderausstellung-im-brechthaus-von-augsburg-in-die-niederlande-hein-kohn-1907-1979-brechtfreund-legendaerer-exilverleger-literaturagent-und-kulturvermittler\/\">Sonderausstellung im Brechthaus: Von Augsburg in die Niederlande: Hein Kohn (1907 \u2013 1979). Brechtfreund, legend\u00e4rer Exilverleger, Literaturagent und Kulturvermittler<\/a><\/h2><p class=\"post-meta\"><span class=\"published\">Nov. 7, 2025<\/span><\/p><div class=\"post-content\"><div class=\"post-content-inner\"><p>&#8222;T\u00fccher und B\u00fccher&#8220; &#8211; Hein Kohn, 1907 in Augsburg geboren, Enkel des (ju\u0308dischen) Tuchmachers Samuel Kohn&#8230;<\/p>\n<\/div><\/div><\/article><\/div><\/div><\/div><\/div><\/div><\/div>\n","protected":false},"excerpt":{"rendered":"","protected":false},"author":1,"featured_media":0,"parent":0,"menu_order":0,"comment_status":"closed","ping_status":"closed","template":"","meta":{"footnotes":""},"class_list":["post-1081","page","type-page","status-publish","hentry"],"yoast_head":"<!-- This site is optimized with the Yoast SEO plugin v27.4 - https:\/\/yoast.com\/product\/yoast-seo-wordpress\/ -->\n<title>Aktuelles - T\u00fccher und B\u00fccher<\/title>\n<meta name=\"robots\" content=\"index, follow, max-snippet:-1, max-image-preview:large, max-video-preview:-1\" \/>\n<link rel=\"canonical\" href=\"https:\/\/www.tuecher-buecher.de\/index.php\/aktuelles\/\" \/>\n<meta property=\"og:locale\" content=\"de_DE\" \/>\n<meta property=\"og:type\" content=\"article\" \/>\n<meta property=\"og:title\" content=\"Aktuelles - T\u00fccher und B\u00fccher\" \/>\n<meta property=\"og:url\" content=\"https:\/\/www.tuecher-buecher.de\/index.php\/aktuelles\/\" \/>\n<meta property=\"og:site_name\" content=\"T\u00fccher und B\u00fccher\" \/>\n<meta property=\"article:modified_time\" content=\"2026-04-15T10:54:44+00:00\" \/>\n<meta name=\"twitter:card\" content=\"summary_large_image\" \/>\n<meta name=\"twitter:label1\" content=\"Gesch\u00e4tzte Lesezeit\" \/>\n\t<meta name=\"twitter:data1\" content=\"2\u00a0Minuten\" \/>\n<script type=\"application\/ld+json\" class=\"yoast-schema-graph\">{\"@context\":\"https:\\\/\\\/schema.org\",\"@graph\":[{\"@type\":\"WebPage\",\"@id\":\"https:\\\/\\\/www.tuecher-buecher.de\\\/index.php\\\/aktuelles\\\/\",\"url\":\"https:\\\/\\\/www.tuecher-buecher.de\\\/index.php\\\/aktuelles\\\/\",\"name\":\"Aktuelles - T\u00fccher und B\u00fccher\",\"isPartOf\":{\"@id\":\"https:\\\/\\\/www.tuecher-buecher.de\\\/#website\"},\"datePublished\":\"2025-03-27T13:38:35+00:00\",\"dateModified\":\"2026-04-15T10:54:44+00:00\",\"breadcrumb\":{\"@id\":\"https:\\\/\\\/www.tuecher-buecher.de\\\/index.php\\\/aktuelles\\\/#breadcrumb\"},\"inLanguage\":\"de\",\"potentialAction\":[{\"@type\":\"ReadAction\",\"target\":[\"https:\\\/\\\/www.tuecher-buecher.de\\\/index.php\\\/aktuelles\\\/\"]}]},{\"@type\":\"BreadcrumbList\",\"@id\":\"https:\\\/\\\/www.tuecher-buecher.de\\\/index.php\\\/aktuelles\\\/#breadcrumb\",\"itemListElement\":[{\"@type\":\"ListItem\",\"position\":1,\"name\":\"Home\",\"item\":\"https:\\\/\\\/www.tuecher-buecher.de\\\/\"},{\"@type\":\"ListItem\",\"position\":2,\"name\":\"Aktuelles\"}]},{\"@type\":\"WebSite\",\"@id\":\"https:\\\/\\\/www.tuecher-buecher.de\\\/#website\",\"url\":\"https:\\\/\\\/www.tuecher-buecher.de\\\/\",\"name\":\"T\u00fccher und B\u00fccher\",\"description\":\"Die Sonderausstellung im Brechthaus\",\"publisher\":{\"@id\":\"https:\\\/\\\/www.tuecher-buecher.de\\\/#organization\"},\"potentialAction\":[{\"@type\":\"SearchAction\",\"target\":{\"@type\":\"EntryPoint\",\"urlTemplate\":\"https:\\\/\\\/www.tuecher-buecher.de\\\/?s={search_term_string}\"},\"query-input\":{\"@type\":\"PropertyValueSpecification\",\"valueRequired\":true,\"valueName\":\"search_term_string\"}}],\"inLanguage\":\"de\"},{\"@type\":\"Organization\",\"@id\":\"https:\\\/\\\/www.tuecher-buecher.de\\\/#organization\",\"name\":\"T\u00fccher und B\u00fccher\",\"url\":\"https:\\\/\\\/www.tuecher-buecher.de\\\/\",\"logo\":{\"@type\":\"ImageObject\",\"inLanguage\":\"de\",\"@id\":\"https:\\\/\\\/www.tuecher-buecher.de\\\/#\\\/schema\\\/logo\\\/image\\\/\",\"url\":\"https:\\\/\\\/www.tuecher-buecher.de\\\/wp-content\\\/uploads\\\/2026\\\/02\\\/favicon-Tuecher-und-Buecher.jpg\",\"contentUrl\":\"https:\\\/\\\/www.tuecher-buecher.de\\\/wp-content\\\/uploads\\\/2026\\\/02\\\/favicon-Tuecher-und-Buecher.jpg\",\"width\":600,\"height\":600,\"caption\":\"T\u00fccher und B\u00fccher\"},\"image\":{\"@id\":\"https:\\\/\\\/www.tuecher-buecher.de\\\/#\\\/schema\\\/logo\\\/image\\\/\"}}]}<\/script>\n<!-- \/ Yoast SEO plugin. -->","yoast_head_json":{"title":"Aktuelles - T\u00fccher und B\u00fccher","robots":{"index":"index","follow":"follow","max-snippet":"max-snippet:-1","max-image-preview":"max-image-preview:large","max-video-preview":"max-video-preview:-1"},"canonical":"https:\/\/www.tuecher-buecher.de\/index.php\/aktuelles\/","og_locale":"de_DE","og_type":"article","og_title":"Aktuelles - T\u00fccher und B\u00fccher","og_url":"https:\/\/www.tuecher-buecher.de\/index.php\/aktuelles\/","og_site_name":"T\u00fccher und B\u00fccher","article_modified_time":"2026-04-15T10:54:44+00:00","twitter_card":"summary_large_image","twitter_misc":{"Gesch\u00e4tzte Lesezeit":"2\u00a0Minuten"},"schema":{"@context":"https:\/\/schema.org","@graph":[{"@type":"WebPage","@id":"https:\/\/www.tuecher-buecher.de\/index.php\/aktuelles\/","url":"https:\/\/www.tuecher-buecher.de\/index.php\/aktuelles\/","name":"Aktuelles - T\u00fccher und B\u00fccher","isPartOf":{"@id":"https:\/\/www.tuecher-buecher.de\/#website"},"datePublished":"2025-03-27T13:38:35+00:00","dateModified":"2026-04-15T10:54:44+00:00","breadcrumb":{"@id":"https:\/\/www.tuecher-buecher.de\/index.php\/aktuelles\/#breadcrumb"},"inLanguage":"de","potentialAction":[{"@type":"ReadAction","target":["https:\/\/www.tuecher-buecher.de\/index.php\/aktuelles\/"]}]},{"@type":"BreadcrumbList","@id":"https:\/\/www.tuecher-buecher.de\/index.php\/aktuelles\/#breadcrumb","itemListElement":[{"@type":"ListItem","position":1,"name":"Home","item":"https:\/\/www.tuecher-buecher.de\/"},{"@type":"ListItem","position":2,"name":"Aktuelles"}]},{"@type":"WebSite","@id":"https:\/\/www.tuecher-buecher.de\/#website","url":"https:\/\/www.tuecher-buecher.de\/","name":"T\u00fccher und B\u00fccher","description":"Die Sonderausstellung im Brechthaus","publisher":{"@id":"https:\/\/www.tuecher-buecher.de\/#organization"},"potentialAction":[{"@type":"SearchAction","target":{"@type":"EntryPoint","urlTemplate":"https:\/\/www.tuecher-buecher.de\/?s={search_term_string}"},"query-input":{"@type":"PropertyValueSpecification","valueRequired":true,"valueName":"search_term_string"}}],"inLanguage":"de"},{"@type":"Organization","@id":"https:\/\/www.tuecher-buecher.de\/#organization","name":"T\u00fccher und B\u00fccher","url":"https:\/\/www.tuecher-buecher.de\/","logo":{"@type":"ImageObject","inLanguage":"de","@id":"https:\/\/www.tuecher-buecher.de\/#\/schema\/logo\/image\/","url":"https:\/\/www.tuecher-buecher.de\/wp-content\/uploads\/2026\/02\/favicon-Tuecher-und-Buecher.jpg","contentUrl":"https:\/\/www.tuecher-buecher.de\/wp-content\/uploads\/2026\/02\/favicon-Tuecher-und-Buecher.jpg","width":600,"height":600,"caption":"T\u00fccher und B\u00fccher"},"image":{"@id":"https:\/\/www.tuecher-buecher.de\/#\/schema\/logo\/image\/"}}]}},"_links":{"self":[{"href":"https:\/\/www.tuecher-buecher.de\/index.php\/wp-json\/wp\/v2\/pages\/1081","targetHints":{"allow":["GET"]}}],"collection":[{"href":"https:\/\/www.tuecher-buecher.de\/index.php\/wp-json\/wp\/v2\/pages"}],"about":[{"href":"https:\/\/www.tuecher-buecher.de\/index.php\/wp-json\/wp\/v2\/types\/page"}],"author":[{"embeddable":true,"href":"https:\/\/www.tuecher-buecher.de\/index.php\/wp-json\/wp\/v2\/users\/1"}],"replies":[{"embeddable":true,"href":"https:\/\/www.tuecher-buecher.de\/index.php\/wp-json\/wp\/v2\/comments?post=1081"}],"version-history":[{"count":21,"href":"https:\/\/www.tuecher-buecher.de\/index.php\/wp-json\/wp\/v2\/pages\/1081\/revisions"}],"predecessor-version":[{"id":2990,"href":"https:\/\/www.tuecher-buecher.de\/index.php\/wp-json\/wp\/v2\/pages\/1081\/revisions\/2990"}],"wp:attachment":[{"href":"https:\/\/www.tuecher-buecher.de\/index.php\/wp-json\/wp\/v2\/media?parent=1081"}],"curies":[{"name":"wp","href":"https:\/\/api.w.org\/{rel}","templated":true}]}}