{"id":1918,"date":"2026-02-12T06:50:36","date_gmt":"2026-02-12T06:50:36","guid":{"rendered":"https:\/\/www.tuecher-buecher.de\/?post_type=project&#038;p=1918"},"modified":"2026-04-15T10:54:59","modified_gmt":"2026-04-15T10:54:59","slug":"tafel9","status":"publish","type":"project","link":"https:\/\/www.tuecher-buecher.de\/index.php\/project\/tafel9\/","title":{"rendered":"Tafel 9 &#8211; Besetzung der Niederlande durch das NS-Regime (1940-1945) \u2013 Kriegsjahre 1940\u20131945: In der Falle \u2013 Besatzung und Untergrund"},"content":{"rendered":"\n<div class=\"et_pb_section_0 et_pb_section et_section_specialty et_pb_gutters3 et_block_section\"><div class=\"et_pb_row et_block_row\"><div class=\"et_pb_column_0 et_pb_column et_pb_column_single et_pb_column_1_2 et_block_column et_pb_css_mix_blend_mode_passthrough\"><div class=\"et_pb_text_0 et_pb_text et_pb_bg_layout_light et_pb_module et_block_module\"><div class=\"et_pb_text_inner\"><h1>Tafel 9<\/h1>\n<\/div><\/div><div class=\"et_pb_text_1 et_pb_text et_pb_bg_layout_light et_pb_module et_block_module\"><div class=\"et_pb_text_inner\"><p>Textversion der Tafel:<\/p>\n<h2>Besetzung der Niederlande durch das NS-Regime (1940-1945) \u2013 Kriegsjahre<\/h2>\n<\/div><\/div><div class=\"et_pb_text_2 et_pb_text et_pb_bg_layout_light et_pb_module et_block_module\"><div class=\"et_pb_text_inner\"><p><strong>1940\u20131945: In der Falle \u2013 Besatzung und Untergrund<\/strong><\/p>\n<p><strong>Die Besetzung der Niederlande<\/strong><\/p>\n<p>Anfang Mai 1940 besetzt Hitler die neutralen Niederlande. Am 14. Mai ist im Radio zu h\u00f6ren, dass Holland kapituliert hat. Mit der Einsetzung des \u00d6sterreichers Arthur Sey\u00df-Inquart als Reichskommissar in Den Haag beginnt die systematische Verfolgung der ju\u0308dischen Bev\u00f6lkerung. Ab Januar 1941 werden Menschen ju\u0308discher Herkunft namentlich erfasst. und in Personalausweisen mit dem Stempel &gt;J&lt;. markiert. Ende Februar 1941 werden alle ju\u0308dischen Beamten entlassen. Am 12. Februar 1941 wird der \u201eJu\u0308dische Rat\u201c errichtet, eine Einrichtung der deutschen Besatzungsmacht. Der Ju\u0308dische Rat wird gezwungen, sich an der Verfolgung der ju\u0308dischen Bev\u00f6lkerung zu beteiligen.<\/p>\n<p><strong>Verbot und illegale Fortf\u00fchrung<\/strong><\/p>\n<p>Schon 1940 erh\u00e4lt Kohns Verlag Het Nederlandsche Boekengilde wegen seiner antifaschistischen Ausrichtung striktes Publikationsverbot. Kohn l\u00e4sst sich nicht beirren. Bis zum Fru\u0308hjahr 1942 ver\u00f6ffentlicht er illegal weitere Bu\u0308cher. Um der Entdeckung zu entgehen, registriert er den Verlag und das Antiquariat und die Versandbuchhandlung De Boekenvriend auf den Nomen seines Freundes, den Grafiker G.W. Breughel. Ein Schild an seiner Haustu\u0308r weist Kohn zudem als Vertreter der Schweizer Bu\u0308chergilde Gutenberg aus, was ihn zun\u00e4chst vor dem Zugriff schu\u0308tzt.<\/p>\n<p><strong>Verfolgung und Flucht<\/strong><\/p>\n<p>Kohn verweigert trotz Drohungen jede Registrierung beim Ju\u0308dischen Rat. Trotz einer anf\u00e4nglichen beh\u00f6rdlichen Verwechslung, die ihn (statt seiner Frau) im Pass als \u201earisch\" fu\u0308hrt, fliegt seine j\u00fcdische Herkunft nach einigen Monaten schlie\u00dflich auf. 1942 wird Kohn bel einer Razzia verhaftet und zur Zwangsarbeit ins Lager Havelte deportiert. Nach drei Wochen gelingt ihm bei einem Freigang die Flucht. Er taucht zun\u00e4chst auf seinem eigenen Dachboden unter und sp\u00e4ter im Haus seines Freundes Geert W. Breugel in s-Graveland.<\/p>\n<p><strong>Verlagsende - Rettung des Bestandes<\/strong><\/p>\n<p>Im Fru\u0308hjahr 1942 wird der Verlag Het Nederlandsche Boekengilde endgu\u0308ltig liquidiert. Um eine Beschlagnahmung des Lagers (des Antiquariats und der Versandbuchhandlung) und die Verhaftung seiner Mitarbeiter zu verhindern, muss Kohns Frau versichern, dass er keinerlei literarische Arbeit mehr verrichtet. Kohn verbrennt die Firmenunterlagen, um seine Kontakte zu schu\u0308tzen.<\/p>\n<p><strong>Das Antiquariat und die Versandbuchhandlung De Boekenvriend u\u0308berlebt:<\/strong><\/p>\n<p>In der Garage von Breughels Haus, in dem Kohn untergetaucht ist, fu\u0308hren Geert W. Breughel und Kohns Frau das Antiquariat und den Versandbuchhandel heimlich weiter. Trotz Krieg und Besatzung erscheinen bis 1945 Kataloge, und verbotene Bu\u0308cher werden innerhalb Hollands verschickt. - ein stiller, aber stetiger Akt des geistigen Widerstands.<\/p>\n<\/div><\/div><div class=\"et_pb_text_3 et_pb_text et_pb_bg_layout_light et_pb_module et_block_module\"><div class=\"et_pb_text_inner\"><p><strong>Widerstand und Befreiung: Das Wunder des \u00dcberlebens<\/strong><\/p>\n<p><strong>Widerstand mit dem Untergrundverlag \u201eFlei\u00dfige Biene\"<\/strong><\/p>\n<p>Ab 1944 engagiert sich Hein Kohn im illegalen Verlag De Bezige Bij (Die flei\u00dfige Biene). Der Verlag, der aus dem Widerstand erw\u00e4chst, wird von drei Studenten gegru\u0308ndet; Papier und Arbeit werden gespendet. In kleinsten Auflagen entstehen politische Schriften und bibliophile Drucke. Kohn reist unter Lebensgefahr durch die Niederlande, um diese Werke zu verkaufen. Die hohen Erl\u00f6se dienen einem humanit\u00e4ren Zweck: Sie finanzieren das \u00dcberleben ju\u0308discher Kinder, Kranker und anderer Flu\u0308chtlinge.<\/p>\n<p><strong>September 1944 \u2013 Hinrichtung von Richard Bing<\/strong><\/p>\n<p>Kohns fru\u0308herer Gesch\u00e4ftspartner Richard Bing (1901-1944) bezahlt den Widerstand mit dem Leben. Weil er illegale deutsche Klassiker und Nachdrucke verbreitete, wird er am 5. September 1944 im KZ Herzogenbusch erschossen. Die Nationalsozialisten haben von den illegalen Ausgaben und \u00dcbersetzungen erfahren, an denen er beteiligt war, darunter Herman Hesses Steppenwolf, Goethes Faust und der illegalen Nachdruck von Friedrich Gundolfs Anf\u00e4nge der deutschen Geschichtsschreibung.<\/p>\n<p><strong>5. Mai 1945: Die Stunde der Freiheit<\/strong><\/p>\n<p>Als am Morgen des 5. Mai 1949 die niederl\u00e4ndische Nationalhymne erklingt geh\u00f6rt Hein Kohn zu den wenigen, die den Terror u\u0308berlebt haben. Trotz ju\u0308discher Herkunft, Zwangsarbeit und illegaler T\u00e4tigkeit entkam er der Deportation. Warum er gerettet wurde, w\u00e4hrend allein aus Amsterdam weit \u00fcber 100.000 Menschen ermordet wurden, bleibt eine qu\u00e4lende Frage des Schicksals.<\/p>\n<p>\u201eAber glaubt mir: das ist nur ein Zufall... Wenn mein Glu\u0308ck aussetzt, bin ich verloren.\u201c (Bertolt Brecht, zitiert in Hochhuths Nekrolog auf Hein Kohn 1979)<\/p>\n<p><strong>Ein Versprechen wird eingel\u00f6st: Else Dormitzer: Theresienst\u00e4dter Bilder<\/strong><\/p>\n<p>Kurz nach der Befreiung von dem NS-Regime 1945 kehrt die fru\u0308hrere Nu\u0308rnberger Autorin Else Dormitzer (1877-1955), aus dem Ghetto Theresienstadt nach Hilversum zuru\u0308ck. Sie hat das Grauen u\u0308berlebt und im Lager Gedichte verfasst, die sie ihren Mitgefangenen vorgelesen hatte. Ihr Versprechen, diese Zeugnisse zu ver\u00f6ffentlichen, erfu\u0308llt Hein Kohn sofort. Hein Kohn veranlasst, dass Theresienst\u00e4dter Bilder noch im Herbst 1945 im Verlag De Boekenvriend erscheint. Das Buch hat Else Dormitzer den \u201eSchicksalsgenossen von Theresienstadt\u201c gewidmet.<\/p>\n<\/div><\/div><\/div><div class=\"et_pb_column_1 et_pb_column et_pb_specialty_column et_pb_column_1_2 et-last-child et_block_column et_pb_css_mix_blend_mode_passthrough\"><div class=\"et_pb_row_inner_0 et_pb_row_inner et_block_row\"><div class=\"et_pb_column_inner_0 et_pb_column_inner et_pb_column et_pb_column_4_4 et-last-child et_block_column et_pb_css_mix_blend_mode_passthrough\"><div class=\"et_pb_image_0 et_pb_image et_pb_module et_block_module\"><a href=\"https:\/\/www.tuecher-buecher.de\/wp-content\/uploads\/2026\/02\/9-Tuecher-und-Buecher-Tafeln-mit-Objekten-01267.jpg\" class=\"et_pb_lightbox_image\"><span class=\"et_pb_image_wrap\"><img loading=\"lazy\" decoding=\"async\" src=\"https:\/\/www.tuecher-buecher.de\/wp-content\/uploads\/2026\/02\/9-Tuecher-und-Buecher-Tafeln-mit-Objekten-01267.jpg\" width=\"963\" height=\"2000\" srcset=\"https:\/\/www.tuecher-buecher.de\/wp-content\/uploads\/2026\/02\/9-Tuecher-und-Buecher-Tafeln-mit-Objekten-01267.jpg 963w, https:\/\/www.tuecher-buecher.de\/wp-content\/uploads\/2026\/02\/9-Tuecher-und-Buecher-Tafeln-mit-Objekten-01267-480x997.jpg 480w\" sizes=\"(min-width: 0px) and (max-width: 480px) 480px, (min-width: 481px) 963px, 100vw\" class=\"wp-image-2546\" title=\"9-Tuecher-und-Buecher-Tafeln-mit-Objekten-01267\" \/><\/span><\/a><\/div><\/div><\/div><div class=\"et_pb_row_inner_1 et_pb_row_inner et_block_row\"><div class=\"et_pb_column_inner_1 et_pb_column_inner et_pb_column et_pb_column_4_4 et-last-child et_block_column et_pb_css_mix_blend_mode_passthrough\"><div class=\"et_pb_text_4 et_pb_text et_pb_bg_layout_light et_pb_module et_block_module\"><div class=\"et_pb_text_inner\"><p>Hier finden sie Zusatzinformationen zu der Tafel.<\/p>\n<\/div><\/div><\/div><\/div><div class=\"et_pb_row_inner_2 et_pb_row_inner et_block_row\"><div class=\"et_pb_column_inner_2 et_pb_column_inner et_pb_column et_pb_column_1_4 et_block_column et_pb_css_mix_blend_mode_passthrough\"><div class=\"et_pb_image_1 et_pb_image et_pb_module et_block_module\"><a href=\"https:\/\/www.tuecher-buecher.de\/wp-content\/uploads\/2026\/02\/IMG_5705.jpg\" class=\"et_pb_lightbox_image\"><span class=\"et_pb_image_wrap\"><img loading=\"lazy\" decoding=\"async\" src=\"https:\/\/www.tuecher-buecher.de\/wp-content\/uploads\/2026\/02\/IMG_5705.jpg\" width=\"1500\" height=\"2000\" srcset=\"https:\/\/www.tuecher-buecher.de\/wp-content\/uploads\/2026\/02\/IMG_5705.jpg 1500w, https:\/\/www.tuecher-buecher.de\/wp-content\/uploads\/2026\/02\/IMG_5705-1280x1707.jpg 1280w, https:\/\/www.tuecher-buecher.de\/wp-content\/uploads\/2026\/02\/IMG_5705-980x1307.jpg 980w, https:\/\/www.tuecher-buecher.de\/wp-content\/uploads\/2026\/02\/IMG_5705-480x640.jpg 480w\" sizes=\"(min-width: 0px) and (max-width: 480px) 480px, (min-width: 481px) and (max-width: 980px) 980px, (min-width: 981px) and (max-width: 1280px) 1280px, (min-width: 1281px) 1500px, 100vw\" class=\"wp-image-2061\" title=\"IMG_5705\" \/><\/span><\/a><\/div><div class=\"et_pb_text_5 et_pb_text et_pb_bg_layout_light et_pb_module et_block_module\"><div class=\"et_pb_text_inner\"><p><strong>Der Koffer aus Theresienstadt.<\/strong><br \/>Linda Kohn bringt ihn zur Ausstellung mit.<\/p>\n<\/div><\/div><\/div><div class=\"et_pb_column_inner_3 et_pb_column_inner et_pb_column et_pb_column_1_4 et-last-child et_block_column et_pb_css_mix_blend_mode_passthrough\"><div class=\"et_pb_image_2 et_pb_image et_pb_module et_block_module\"><a href=\"https:\/\/www.tuecher-buecher.de\/wp-content\/uploads\/2026\/02\/WhatsApp-Image-2026-02-12-at-12.50.08.jpeg\" class=\"et_pb_lightbox_image\"><span class=\"et_pb_image_wrap\"><img loading=\"lazy\" decoding=\"async\" src=\"https:\/\/www.tuecher-buecher.de\/wp-content\/uploads\/2026\/02\/WhatsApp-Image-2026-02-12-at-12.50.08.jpeg\" width=\"1000\" height=\"450\" srcset=\"https:\/\/www.tuecher-buecher.de\/wp-content\/uploads\/2026\/02\/WhatsApp-Image-2026-02-12-at-12.50.08.jpeg 1000w, https:\/\/www.tuecher-buecher.de\/wp-content\/uploads\/2026\/02\/WhatsApp-Image-2026-02-12-at-12.50.08-980x441.jpeg 980w, https:\/\/www.tuecher-buecher.de\/wp-content\/uploads\/2026\/02\/WhatsApp-Image-2026-02-12-at-12.50.08-480x216.jpeg 480w\" sizes=\"(min-width: 0px) and (max-width: 480px) 480px, (min-width: 481px) and (max-width: 980px) 980px, (min-width: 981px) 1000px, 100vw\" class=\"wp-image-2098\" title=\"WhatsApp Image 2026-02-12 at 12.50.08\" \/><\/span><\/a><\/div><div class=\"et_pb_text_6 et_pb_text et_pb_bg_layout_light et_pb_module et_block_module\"><div class=\"et_pb_text_inner\"><p><strong>Das Buch \"Theresienst\u00e4tter Bilder\"<\/strong><\/p>\n<\/div><\/div><\/div><\/div><div class=\"et_pb_row_inner_3 et_pb_row_inner et_block_row\"><div class=\"et_pb_column_inner_4 et_pb_column_inner et_pb_column et_pb_column_1_4 et_block_column et_pb_css_mix_blend_mode_passthrough\"><div class=\"et_pb_image_3 et_pb_image et_pb_module et_block_module\"><a href=\"https:\/\/www.tuecher-buecher.de\/wp-content\/uploads\/2026\/02\/Tuecher-und-Buecher-Tafeln-mit-Objekten-01297.jpg\" class=\"et_pb_lightbox_image\"><span class=\"et_pb_image_wrap\"><img loading=\"lazy\" decoding=\"async\" src=\"https:\/\/www.tuecher-buecher.de\/wp-content\/uploads\/2026\/02\/Tuecher-und-Buecher-Tafeln-mit-Objekten-01297.jpg\" width=\"1333\" height=\"2000\" srcset=\"https:\/\/www.tuecher-buecher.de\/wp-content\/uploads\/2026\/02\/Tuecher-und-Buecher-Tafeln-mit-Objekten-01297.jpg 1333w, https:\/\/www.tuecher-buecher.de\/wp-content\/uploads\/2026\/02\/Tuecher-und-Buecher-Tafeln-mit-Objekten-01297-1280x1920.jpg 1280w, https:\/\/www.tuecher-buecher.de\/wp-content\/uploads\/2026\/02\/Tuecher-und-Buecher-Tafeln-mit-Objekten-01297-980x1470.jpg 980w, https:\/\/www.tuecher-buecher.de\/wp-content\/uploads\/2026\/02\/Tuecher-und-Buecher-Tafeln-mit-Objekten-01297-480x720.jpg 480w\" sizes=\"(min-width: 0px) and (max-width: 480px) 480px, (min-width: 481px) and (max-width: 980px) 980px, (min-width: 981px) and (max-width: 1280px) 1280px, (min-width: 1281px) 1333px, 100vw\" class=\"wp-image-2550\" title=\"Tuecher-und-Buecher-Tafeln-mit-Objekten-01297\" \/><\/span><\/a><\/div><\/div><div class=\"et_pb_column_inner_5 et_pb_column_inner et_pb_column et_pb_column_1_4 et-last-child et_block_column et_pb_css_mix_blend_mode_passthrough\"><div class=\"et_pb_image_4 et_pb_image et_pb_module et_block_module\"><a href=\"https:\/\/www.tuecher-buecher.de\/wp-content\/uploads\/2026\/02\/Tuecher-und-Buecher-Tafeln-mit-Objekten-01298.jpg\" class=\"et_pb_lightbox_image\"><span class=\"et_pb_image_wrap\"><img loading=\"lazy\" decoding=\"async\" src=\"https:\/\/www.tuecher-buecher.de\/wp-content\/uploads\/2026\/02\/Tuecher-und-Buecher-Tafeln-mit-Objekten-01298.jpg\" width=\"1333\" height=\"2000\" srcset=\"https:\/\/www.tuecher-buecher.de\/wp-content\/uploads\/2026\/02\/Tuecher-und-Buecher-Tafeln-mit-Objekten-01298.jpg 1333w, https:\/\/www.tuecher-buecher.de\/wp-content\/uploads\/2026\/02\/Tuecher-und-Buecher-Tafeln-mit-Objekten-01298-1280x1920.jpg 1280w, https:\/\/www.tuecher-buecher.de\/wp-content\/uploads\/2026\/02\/Tuecher-und-Buecher-Tafeln-mit-Objekten-01298-980x1470.jpg 980w, https:\/\/www.tuecher-buecher.de\/wp-content\/uploads\/2026\/02\/Tuecher-und-Buecher-Tafeln-mit-Objekten-01298-480x720.jpg 480w\" sizes=\"(min-width: 0px) and (max-width: 480px) 480px, (min-width: 481px) and (max-width: 980px) 980px, (min-width: 981px) and (max-width: 1280px) 1280px, (min-width: 1281px) 1333px, 100vw\" class=\"wp-image-2551\" title=\"Tuecher-und-Buecher-Tafeln-mit-Objekten-01298\" \/><\/span><\/a><\/div><\/div><\/div><div class=\"et_pb_row_inner_4 et_pb_row_inner et_block_row\"><div class=\"et_pb_column_inner_6 et_pb_column_inner et_pb_column et_pb_column_1_4 et_block_column et_pb_css_mix_blend_mode_passthrough\"><div class=\"et_pb_image_5 et_pb_image et_pb_module et_block_module\"><a href=\"https:\/\/www.tuecher-buecher.de\/wp-content\/uploads\/2026\/02\/Tuecher-und-Buecher-Tafeln-mit-Objekten-01299.jpg\" class=\"et_pb_lightbox_image\"><span class=\"et_pb_image_wrap\"><img loading=\"lazy\" decoding=\"async\" src=\"https:\/\/www.tuecher-buecher.de\/wp-content\/uploads\/2026\/02\/Tuecher-und-Buecher-Tafeln-mit-Objekten-01299.jpg\" width=\"1333\" height=\"2000\" srcset=\"https:\/\/www.tuecher-buecher.de\/wp-content\/uploads\/2026\/02\/Tuecher-und-Buecher-Tafeln-mit-Objekten-01299.jpg 1333w, https:\/\/www.tuecher-buecher.de\/wp-content\/uploads\/2026\/02\/Tuecher-und-Buecher-Tafeln-mit-Objekten-01299-1280x1920.jpg 1280w, https:\/\/www.tuecher-buecher.de\/wp-content\/uploads\/2026\/02\/Tuecher-und-Buecher-Tafeln-mit-Objekten-01299-980x1470.jpg 980w, https:\/\/www.tuecher-buecher.de\/wp-content\/uploads\/2026\/02\/Tuecher-und-Buecher-Tafeln-mit-Objekten-01299-480x720.jpg 480w\" sizes=\"(min-width: 0px) and (max-width: 480px) 480px, (min-width: 481px) and (max-width: 980px) 980px, (min-width: 981px) and (max-width: 1280px) 1280px, (min-width: 1281px) 1333px, 100vw\" class=\"wp-image-2552\" title=\"Tuecher-und-Buecher-Tafeln-mit-Objekten-01299\" \/><\/span><\/a><\/div><\/div><div class=\"et_pb_column_inner_7 et_pb_column_inner et_pb_column et_pb_column_1_4 et-last-child et_block_column et_pb_css_mix_blend_mode_passthrough\"><div class=\"et_pb_image_6 et_pb_image et_pb_module et_block_module\"><a href=\"https:\/\/www.tuecher-buecher.de\/wp-content\/uploads\/2026\/02\/Tuecher-und-Buecher-Tafeln-mit-Objekten-01300.jpg\" class=\"et_pb_lightbox_image\"><span class=\"et_pb_image_wrap\"><img loading=\"lazy\" decoding=\"async\" src=\"https:\/\/www.tuecher-buecher.de\/wp-content\/uploads\/2026\/02\/Tuecher-und-Buecher-Tafeln-mit-Objekten-01300.jpg\" width=\"1333\" height=\"2000\" srcset=\"https:\/\/www.tuecher-buecher.de\/wp-content\/uploads\/2026\/02\/Tuecher-und-Buecher-Tafeln-mit-Objekten-01300.jpg 1333w, https:\/\/www.tuecher-buecher.de\/wp-content\/uploads\/2026\/02\/Tuecher-und-Buecher-Tafeln-mit-Objekten-01300-1280x1920.jpg 1280w, https:\/\/www.tuecher-buecher.de\/wp-content\/uploads\/2026\/02\/Tuecher-und-Buecher-Tafeln-mit-Objekten-01300-980x1470.jpg 980w, https:\/\/www.tuecher-buecher.de\/wp-content\/uploads\/2026\/02\/Tuecher-und-Buecher-Tafeln-mit-Objekten-01300-480x720.jpg 480w\" sizes=\"(min-width: 0px) and (max-width: 480px) 480px, (min-width: 481px) and (max-width: 980px) 980px, (min-width: 981px) and (max-width: 1280px) 1280px, (min-width: 1281px) 1333px, 100vw\" class=\"wp-image-2553\" title=\"Tuecher-und-Buecher-Tafeln-mit-Objekten-01300\" \/><\/span><\/a><\/div><\/div><\/div><\/div><\/div><\/div>\n","protected":false},"excerpt":{"rendered":"","protected":false},"author":1,"featured_media":2059,"comment_status":"closed","ping_status":"closed","template":"","meta":{"footnotes":""},"project_category":[128],"project_tag":[],"class_list":["post-1918","project","type-project","status-publish","has-post-thumbnail","hentry","project_category-tafeln"],"yoast_head":"<!-- This site is optimized with the Yoast SEO plugin v27.4 - https:\/\/yoast.com\/product\/yoast-seo-wordpress\/ -->\n<title>Tafel 9 - Besetzung der Niederlande durch das NS-Regime (1940-1945) \u2013 Kriegsjahre 1940\u20131945: In der Falle \u2013 Besatzung und Untergrund - T\u00fccher und B\u00fccher<\/title>\n<meta name=\"robots\" content=\"index, follow, max-snippet:-1, max-image-preview:large, max-video-preview:-1\" \/>\n<link rel=\"canonical\" href=\"https:\/\/www.tuecher-buecher.de\/index.php\/project\/tafel9\/\" \/>\n<meta property=\"og:locale\" content=\"de_DE\" \/>\n<meta property=\"og:type\" content=\"article\" \/>\n<meta property=\"og:title\" content=\"Tafel 9 - Besetzung der Niederlande durch das NS-Regime (1940-1945) \u2013 Kriegsjahre 1940\u20131945: In der Falle \u2013 Besatzung und Untergrund - T\u00fccher und B\u00fccher\" \/>\n<meta property=\"og:url\" content=\"https:\/\/www.tuecher-buecher.de\/index.php\/project\/tafel9\/\" \/>\n<meta property=\"og:site_name\" content=\"T\u00fccher und B\u00fccher\" \/>\n<meta property=\"article:modified_time\" content=\"2026-04-15T10:54:59+00:00\" \/>\n<meta property=\"og:image\" content=\"https:\/\/www.tuecher-buecher.de\/wp-content\/uploads\/2026\/02\/Tafel-9-Master.jpg\" \/>\n\t<meta property=\"og:image:width\" content=\"444\" \/>\n\t<meta property=\"og:image:height\" content=\"1000\" \/>\n\t<meta property=\"og:image:type\" content=\"image\/jpeg\" \/>\n<meta name=\"twitter:card\" content=\"summary_large_image\" \/>\n<meta name=\"twitter:label1\" content=\"Gesch\u00e4tzte Lesezeit\" \/>\n\t<meta name=\"twitter:data1\" content=\"6\u00a0Minuten\" \/>\n<script type=\"application\/ld+json\" class=\"yoast-schema-graph\">{\"@context\":\"https:\\\/\\\/schema.org\",\"@graph\":[{\"@type\":\"WebPage\",\"@id\":\"https:\\\/\\\/www.tuecher-buecher.de\\\/index.php\\\/project\\\/tafel9\\\/\",\"url\":\"https:\\\/\\\/www.tuecher-buecher.de\\\/index.php\\\/project\\\/tafel9\\\/\",\"name\":\"Tafel 9 - Besetzung der Niederlande durch das NS-Regime (1940-1945) \u2013 Kriegsjahre 1940\u20131945: In der Falle \u2013 Besatzung und Untergrund - T\u00fccher und B\u00fccher\",\"isPartOf\":{\"@id\":\"https:\\\/\\\/www.tuecher-buecher.de\\\/#website\"},\"primaryImageOfPage\":{\"@id\":\"https:\\\/\\\/www.tuecher-buecher.de\\\/index.php\\\/project\\\/tafel9\\\/#primaryimage\"},\"image\":{\"@id\":\"https:\\\/\\\/www.tuecher-buecher.de\\\/index.php\\\/project\\\/tafel9\\\/#primaryimage\"},\"thumbnailUrl\":\"https:\\\/\\\/www.tuecher-buecher.de\\\/wp-content\\\/uploads\\\/2026\\\/02\\\/Tafel-9-Master.jpg\",\"datePublished\":\"2026-02-12T06:50:36+00:00\",\"dateModified\":\"2026-04-15T10:54:59+00:00\",\"breadcrumb\":{\"@id\":\"https:\\\/\\\/www.tuecher-buecher.de\\\/index.php\\\/project\\\/tafel9\\\/#breadcrumb\"},\"inLanguage\":\"de\",\"potentialAction\":[{\"@type\":\"ReadAction\",\"target\":[\"https:\\\/\\\/www.tuecher-buecher.de\\\/index.php\\\/project\\\/tafel9\\\/\"]}]},{\"@type\":\"ImageObject\",\"inLanguage\":\"de\",\"@id\":\"https:\\\/\\\/www.tuecher-buecher.de\\\/index.php\\\/project\\\/tafel9\\\/#primaryimage\",\"url\":\"https:\\\/\\\/www.tuecher-buecher.de\\\/wp-content\\\/uploads\\\/2026\\\/02\\\/Tafel-9-Master.jpg\",\"contentUrl\":\"https:\\\/\\\/www.tuecher-buecher.de\\\/wp-content\\\/uploads\\\/2026\\\/02\\\/Tafel-9-Master.jpg\",\"width\":444,\"height\":1000},{\"@type\":\"BreadcrumbList\",\"@id\":\"https:\\\/\\\/www.tuecher-buecher.de\\\/index.php\\\/project\\\/tafel9\\\/#breadcrumb\",\"itemListElement\":[{\"@type\":\"ListItem\",\"position\":1,\"name\":\"Home\",\"item\":\"https:\\\/\\\/www.tuecher-buecher.de\\\/\"},{\"@type\":\"ListItem\",\"position\":2,\"name\":\"Projects\",\"item\":\"https:\\\/\\\/www.tuecher-buecher.de\\\/index.php\\\/project\\\/\"},{\"@type\":\"ListItem\",\"position\":3,\"name\":\"Tafel 9 &#8211; Besetzung der Niederlande durch das NS-Regime (1940-1945) \u2013 Kriegsjahre 1940\u20131945: In der Falle \u2013 Besatzung und Untergrund\"}]},{\"@type\":\"WebSite\",\"@id\":\"https:\\\/\\\/www.tuecher-buecher.de\\\/#website\",\"url\":\"https:\\\/\\\/www.tuecher-buecher.de\\\/\",\"name\":\"T\u00fccher und B\u00fccher\",\"description\":\"Die Sonderausstellung im Brechthaus\",\"publisher\":{\"@id\":\"https:\\\/\\\/www.tuecher-buecher.de\\\/#organization\"},\"potentialAction\":[{\"@type\":\"SearchAction\",\"target\":{\"@type\":\"EntryPoint\",\"urlTemplate\":\"https:\\\/\\\/www.tuecher-buecher.de\\\/?s={search_term_string}\"},\"query-input\":{\"@type\":\"PropertyValueSpecification\",\"valueRequired\":true,\"valueName\":\"search_term_string\"}}],\"inLanguage\":\"de\"},{\"@type\":\"Organization\",\"@id\":\"https:\\\/\\\/www.tuecher-buecher.de\\\/#organization\",\"name\":\"T\u00fccher und B\u00fccher\",\"url\":\"https:\\\/\\\/www.tuecher-buecher.de\\\/\",\"logo\":{\"@type\":\"ImageObject\",\"inLanguage\":\"de\",\"@id\":\"https:\\\/\\\/www.tuecher-buecher.de\\\/#\\\/schema\\\/logo\\\/image\\\/\",\"url\":\"https:\\\/\\\/www.tuecher-buecher.de\\\/wp-content\\\/uploads\\\/2026\\\/02\\\/favicon-Tuecher-und-Buecher.jpg\",\"contentUrl\":\"https:\\\/\\\/www.tuecher-buecher.de\\\/wp-content\\\/uploads\\\/2026\\\/02\\\/favicon-Tuecher-und-Buecher.jpg\",\"width\":600,\"height\":600,\"caption\":\"T\u00fccher und B\u00fccher\"},\"image\":{\"@id\":\"https:\\\/\\\/www.tuecher-buecher.de\\\/#\\\/schema\\\/logo\\\/image\\\/\"}}]}<\/script>\n<!-- \/ Yoast SEO plugin. -->","yoast_head_json":{"title":"Tafel 9 - Besetzung der Niederlande durch das NS-Regime (1940-1945) \u2013 Kriegsjahre 1940\u20131945: In der Falle \u2013 Besatzung und Untergrund - T\u00fccher und B\u00fccher","robots":{"index":"index","follow":"follow","max-snippet":"max-snippet:-1","max-image-preview":"max-image-preview:large","max-video-preview":"max-video-preview:-1"},"canonical":"https:\/\/www.tuecher-buecher.de\/index.php\/project\/tafel9\/","og_locale":"de_DE","og_type":"article","og_title":"Tafel 9 - Besetzung der Niederlande durch das NS-Regime (1940-1945) \u2013 Kriegsjahre 1940\u20131945: In der Falle \u2013 Besatzung und Untergrund - T\u00fccher und B\u00fccher","og_url":"https:\/\/www.tuecher-buecher.de\/index.php\/project\/tafel9\/","og_site_name":"T\u00fccher und B\u00fccher","article_modified_time":"2026-04-15T10:54:59+00:00","og_image":[{"width":444,"height":1000,"url":"https:\/\/www.tuecher-buecher.de\/wp-content\/uploads\/2026\/02\/Tafel-9-Master.jpg","type":"image\/jpeg"}],"twitter_card":"summary_large_image","twitter_misc":{"Gesch\u00e4tzte Lesezeit":"6\u00a0Minuten"},"schema":{"@context":"https:\/\/schema.org","@graph":[{"@type":"WebPage","@id":"https:\/\/www.tuecher-buecher.de\/index.php\/project\/tafel9\/","url":"https:\/\/www.tuecher-buecher.de\/index.php\/project\/tafel9\/","name":"Tafel 9 - Besetzung der Niederlande durch das NS-Regime (1940-1945) \u2013 Kriegsjahre 1940\u20131945: In der Falle \u2013 Besatzung und Untergrund - T\u00fccher und B\u00fccher","isPartOf":{"@id":"https:\/\/www.tuecher-buecher.de\/#website"},"primaryImageOfPage":{"@id":"https:\/\/www.tuecher-buecher.de\/index.php\/project\/tafel9\/#primaryimage"},"image":{"@id":"https:\/\/www.tuecher-buecher.de\/index.php\/project\/tafel9\/#primaryimage"},"thumbnailUrl":"https:\/\/www.tuecher-buecher.de\/wp-content\/uploads\/2026\/02\/Tafel-9-Master.jpg","datePublished":"2026-02-12T06:50:36+00:00","dateModified":"2026-04-15T10:54:59+00:00","breadcrumb":{"@id":"https:\/\/www.tuecher-buecher.de\/index.php\/project\/tafel9\/#breadcrumb"},"inLanguage":"de","potentialAction":[{"@type":"ReadAction","target":["https:\/\/www.tuecher-buecher.de\/index.php\/project\/tafel9\/"]}]},{"@type":"ImageObject","inLanguage":"de","@id":"https:\/\/www.tuecher-buecher.de\/index.php\/project\/tafel9\/#primaryimage","url":"https:\/\/www.tuecher-buecher.de\/wp-content\/uploads\/2026\/02\/Tafel-9-Master.jpg","contentUrl":"https:\/\/www.tuecher-buecher.de\/wp-content\/uploads\/2026\/02\/Tafel-9-Master.jpg","width":444,"height":1000},{"@type":"BreadcrumbList","@id":"https:\/\/www.tuecher-buecher.de\/index.php\/project\/tafel9\/#breadcrumb","itemListElement":[{"@type":"ListItem","position":1,"name":"Home","item":"https:\/\/www.tuecher-buecher.de\/"},{"@type":"ListItem","position":2,"name":"Projects","item":"https:\/\/www.tuecher-buecher.de\/index.php\/project\/"},{"@type":"ListItem","position":3,"name":"Tafel 9 &#8211; Besetzung der Niederlande durch das NS-Regime (1940-1945) \u2013 Kriegsjahre 1940\u20131945: In der Falle \u2013 Besatzung und Untergrund"}]},{"@type":"WebSite","@id":"https:\/\/www.tuecher-buecher.de\/#website","url":"https:\/\/www.tuecher-buecher.de\/","name":"T\u00fccher und B\u00fccher","description":"Die Sonderausstellung im Brechthaus","publisher":{"@id":"https:\/\/www.tuecher-buecher.de\/#organization"},"potentialAction":[{"@type":"SearchAction","target":{"@type":"EntryPoint","urlTemplate":"https:\/\/www.tuecher-buecher.de\/?s={search_term_string}"},"query-input":{"@type":"PropertyValueSpecification","valueRequired":true,"valueName":"search_term_string"}}],"inLanguage":"de"},{"@type":"Organization","@id":"https:\/\/www.tuecher-buecher.de\/#organization","name":"T\u00fccher und B\u00fccher","url":"https:\/\/www.tuecher-buecher.de\/","logo":{"@type":"ImageObject","inLanguage":"de","@id":"https:\/\/www.tuecher-buecher.de\/#\/schema\/logo\/image\/","url":"https:\/\/www.tuecher-buecher.de\/wp-content\/uploads\/2026\/02\/favicon-Tuecher-und-Buecher.jpg","contentUrl":"https:\/\/www.tuecher-buecher.de\/wp-content\/uploads\/2026\/02\/favicon-Tuecher-und-Buecher.jpg","width":600,"height":600,"caption":"T\u00fccher und B\u00fccher"},"image":{"@id":"https:\/\/www.tuecher-buecher.de\/#\/schema\/logo\/image\/"}}]}},"_links":{"self":[{"href":"https:\/\/www.tuecher-buecher.de\/index.php\/wp-json\/wp\/v2\/project\/1918","targetHints":{"allow":["GET"]}}],"collection":[{"href":"https:\/\/www.tuecher-buecher.de\/index.php\/wp-json\/wp\/v2\/project"}],"about":[{"href":"https:\/\/www.tuecher-buecher.de\/index.php\/wp-json\/wp\/v2\/types\/project"}],"author":[{"embeddable":true,"href":"https:\/\/www.tuecher-buecher.de\/index.php\/wp-json\/wp\/v2\/users\/1"}],"replies":[{"embeddable":true,"href":"https:\/\/www.tuecher-buecher.de\/index.php\/wp-json\/wp\/v2\/comments?post=1918"}],"version-history":[{"count":13,"href":"https:\/\/www.tuecher-buecher.de\/index.php\/wp-json\/wp\/v2\/project\/1918\/revisions"}],"predecessor-version":[{"id":2998,"href":"https:\/\/www.tuecher-buecher.de\/index.php\/wp-json\/wp\/v2\/project\/1918\/revisions\/2998"}],"wp:featuredmedia":[{"embeddable":true,"href":"https:\/\/www.tuecher-buecher.de\/index.php\/wp-json\/wp\/v2\/media\/2059"}],"wp:attachment":[{"href":"https:\/\/www.tuecher-buecher.de\/index.php\/wp-json\/wp\/v2\/media?parent=1918"}],"wp:term":[{"taxonomy":"project_category","embeddable":true,"href":"https:\/\/www.tuecher-buecher.de\/index.php\/wp-json\/wp\/v2\/project_category?post=1918"},{"taxonomy":"project_tag","embeddable":true,"href":"https:\/\/www.tuecher-buecher.de\/index.php\/wp-json\/wp\/v2\/project_tag?post=1918"}],"curies":[{"name":"wp","href":"https:\/\/api.w.org\/{rel}","templated":true}]}}