{"id":2036,"date":"2026-02-12T09:43:16","date_gmt":"2026-02-12T09:43:16","guid":{"rendered":"https:\/\/www.tuecher-buecher.de\/?post_type=project&#038;p=2036"},"modified":"2026-04-15T10:55:15","modified_gmt":"2026-04-15T10:55:15","slug":"vitrine1-brecht","status":"publish","type":"project","link":"https:\/\/www.tuecher-buecher.de\/index.php\/project\/vitrine1-brecht\/","title":{"rendered":"Vitrine 1 Brecht"},"content":{"rendered":"\n<div class=\"et_pb_section_0 et_pb_section et_section_specialty et_pb_gutters3 et_block_section\"><div class=\"et_pb_row et_block_row\"><div class=\"et_pb_column_0 et_pb_column et_pb_column_single et_pb_column_1_2 et_block_column et_pb_css_mix_blend_mode_passthrough\"><div class=\"et_pb_text_0 et_pb_text et_pb_bg_layout_light et_pb_module et_block_module\"><div class=\"et_pb_text_inner\"><h1>Vitrine 1 Brecht<\/h1>\n<\/div><\/div><div class=\"et_pb_image_0 et_pb_image et_pb_module et_block_module\"><a href=\"https:\/\/www.tuecher-buecher.de\/wp-content\/uploads\/2026\/02\/WhatsApp-Image-2026-02-12-at-12.45.57.jpeg\" class=\"et_pb_lightbox_image\"><span class=\"et_pb_image_wrap\"><img loading=\"lazy\" decoding=\"async\" src=\"https:\/\/www.tuecher-buecher.de\/wp-content\/uploads\/2026\/02\/WhatsApp-Image-2026-02-12-at-12.45.57.jpeg\" width=\"1442\" height=\"533\" srcset=\"https:\/\/www.tuecher-buecher.de\/wp-content\/uploads\/2026\/02\/WhatsApp-Image-2026-02-12-at-12.45.57.jpeg 1442w, https:\/\/www.tuecher-buecher.de\/wp-content\/uploads\/2026\/02\/WhatsApp-Image-2026-02-12-at-12.45.57-1280x473.jpeg 1280w, https:\/\/www.tuecher-buecher.de\/wp-content\/uploads\/2026\/02\/WhatsApp-Image-2026-02-12-at-12.45.57-980x362.jpeg 980w, https:\/\/www.tuecher-buecher.de\/wp-content\/uploads\/2026\/02\/WhatsApp-Image-2026-02-12-at-12.45.57-480x177.jpeg 480w\" sizes=\"(min-width: 0px) and (max-width: 480px) 480px, (min-width: 481px) and (max-width: 980px) 980px, (min-width: 981px) and (max-width: 1280px) 1280px, (min-width: 1281px) 1442px, 100vw\" class=\"wp-image-2092\" title=\"WhatsApp Image 2026-02-12 at 12.45.57\" \/><\/span><\/a><\/div><div class=\"et_pb_text_1 et_pb_text et_pb_bg_layout_light et_pb_module et_block_module\"><div class=\"et_pb_text_inner\"><p>Hier sehen sie Originalobjekte zu Bertolt Brecht. Es werden pers\u00f6nliche Briefe, Telegramme, Gesch\u00e4ftskorespondenz und der Dreigroschenroman im Niederl\u00e4ndischen Original gezeigt.<\/p>\n<\/div><\/div><div class=\"et_pb_image_1 et_pb_image et_pb_module et_block_module\"><a href=\"https:\/\/www.tuecher-buecher.de\/wp-content\/uploads\/2026\/03\/Bildschirmfoto-2026-03-26-um-12.08.25.png\" class=\"et_pb_lightbox_image\"><span class=\"et_pb_image_wrap\"><img loading=\"lazy\" decoding=\"async\" src=\"https:\/\/www.tuecher-buecher.de\/wp-content\/uploads\/2026\/03\/Bildschirmfoto-2026-03-26-um-12.08.25.png\" width=\"1328\" height=\"532\" srcset=\"https:\/\/www.tuecher-buecher.de\/wp-content\/uploads\/2026\/03\/Bildschirmfoto-2026-03-26-um-12.08.25.png 1328w, https:\/\/www.tuecher-buecher.de\/wp-content\/uploads\/2026\/03\/Bildschirmfoto-2026-03-26-um-12.08.25-1280x513.png 1280w, https:\/\/www.tuecher-buecher.de\/wp-content\/uploads\/2026\/03\/Bildschirmfoto-2026-03-26-um-12.08.25-980x393.png 980w, https:\/\/www.tuecher-buecher.de\/wp-content\/uploads\/2026\/03\/Bildschirmfoto-2026-03-26-um-12.08.25-480x192.png 480w\" sizes=\"(min-width: 0px) and (max-width: 480px) 480px, (min-width: 481px) and (max-width: 980px) 980px, (min-width: 981px) and (max-width: 1280px) 1280px, (min-width: 1281px) 1328px, 100vw\" class=\"wp-image-2936\" title=\"Bildschirmfoto 2026-03-26 um 12.08.25\" \/><\/span><\/a><\/div><div class=\"et_pb_image_2 et_pb_image et_pb_module et_block_module\"><a href=\"https:\/\/www.tuecher-buecher.de\/wp-content\/uploads\/2026\/03\/Vernissage-12Febr2026-Tuecher_und_Buecher-00574.jpg\" class=\"et_pb_lightbox_image\"><span class=\"et_pb_image_wrap\"><img loading=\"lazy\" decoding=\"async\" src=\"https:\/\/www.tuecher-buecher.de\/wp-content\/uploads\/2026\/03\/Vernissage-12Febr2026-Tuecher_und_Buecher-00574.jpg\" width=\"2000\" height=\"1334\" srcset=\"https:\/\/www.tuecher-buecher.de\/wp-content\/uploads\/2026\/03\/Vernissage-12Febr2026-Tuecher_und_Buecher-00574.jpg 2000w, https:\/\/www.tuecher-buecher.de\/wp-content\/uploads\/2026\/03\/Vernissage-12Febr2026-Tuecher_und_Buecher-00574-1280x854.jpg 1280w, https:\/\/www.tuecher-buecher.de\/wp-content\/uploads\/2026\/03\/Vernissage-12Febr2026-Tuecher_und_Buecher-00574-980x654.jpg 980w, https:\/\/www.tuecher-buecher.de\/wp-content\/uploads\/2026\/03\/Vernissage-12Febr2026-Tuecher_und_Buecher-00574-480x320.jpg 480w\" sizes=\"(min-width: 0px) and (max-width: 480px) 480px, (min-width: 481px) and (max-width: 980px) 980px, (min-width: 981px) and (max-width: 1280px) 1280px, (min-width: 1281px) 2000px, 100vw\" class=\"wp-image-2939\" title=\"Vernissage-12Febr2026-Tuecher_und_Buecher-00574\" \/><\/span><\/a><\/div><div class=\"et_pb_image_3 et_pb_image et_pb_module et_block_module\"><a href=\"https:\/\/www.tuecher-buecher.de\/wp-content\/uploads\/2026\/03\/Ausstellung-Tuecher-und-Buecher-Weitwinkel-98.jpg\" class=\"et_pb_lightbox_image\"><span class=\"et_pb_image_wrap\"><img loading=\"lazy\" decoding=\"async\" src=\"https:\/\/www.tuecher-buecher.de\/wp-content\/uploads\/2026\/03\/Ausstellung-Tuecher-und-Buecher-Weitwinkel-98.jpg\" width=\"2000\" height=\"1000\" srcset=\"https:\/\/www.tuecher-buecher.de\/wp-content\/uploads\/2026\/03\/Ausstellung-Tuecher-und-Buecher-Weitwinkel-98.jpg 2000w, https:\/\/www.tuecher-buecher.de\/wp-content\/uploads\/2026\/03\/Ausstellung-Tuecher-und-Buecher-Weitwinkel-98-1280x640.jpg 1280w, https:\/\/www.tuecher-buecher.de\/wp-content\/uploads\/2026\/03\/Ausstellung-Tuecher-und-Buecher-Weitwinkel-98-980x490.jpg 980w, https:\/\/www.tuecher-buecher.de\/wp-content\/uploads\/2026\/03\/Ausstellung-Tuecher-und-Buecher-Weitwinkel-98-480x240.jpg 480w\" sizes=\"(min-width: 0px) and (max-width: 480px) 480px, (min-width: 481px) and (max-width: 980px) 980px, (min-width: 981px) and (max-width: 1280px) 1280px, (min-width: 1281px) 2000px, 100vw\" class=\"wp-image-2829\" title=\"Ausstellung-Tuecher-und-Buecher-Weitwinkel--98\" \/><\/span><\/a><\/div><\/div><div class=\"et_pb_column_1 et_pb_column et_pb_specialty_column et_pb_column_1_2 et-last-child et_block_column et_pb_css_mix_blend_mode_passthrough\"><div class=\"et_pb_row_inner_0 et_pb_row_inner et_block_row\"><div class=\"et_pb_column_inner_0 et_pb_column_inner et_pb_column et_pb_column_4_4 et-last-child et_block_column et_pb_css_mix_blend_mode_passthrough\"><div class=\"et_pb_text_2 et_pb_text et_pb_bg_layout_light et_pb_module et_block_module\"><div class=\"et_pb_text_inner\"><p>Hier finden sie Zusatzinformationen zu der Vitrine.<\/p>\n<\/div><\/div><\/div><\/div><div class=\"et_pb_row_inner_1 et_pb_row_inner et_block_row\"><div class=\"et_pb_column_inner_1 et_pb_column_inner et_pb_column et_pb_column_1_4 et_block_column et_pb_css_mix_blend_mode_passthrough\"><div class=\"et_pb_text_3 et_pb_text et_pb_bg_layout_light et_pb_module et_block_module\"><div class=\"et_pb_text_inner\"><p>Original-Umschlag des \"<strong>Drei Groschen Romans<\/strong>\" von <strong>Bertolt Brecht<\/strong> in der Niederl\u00e4ndischen Erstausgabe.<\/p>\n<\/div><\/div><\/div><div class=\"et_pb_column_inner_2 et_pb_column_inner et_pb_column et_pb_column_1_4 et-last-child et_block_column et_pb_css_mix_blend_mode_passthrough\"><div class=\"et_pb_image_4 et_pb_image et_pb_module et_block_module\"><a href=\"https:\/\/www.tuecher-buecher.de\/wp-content\/uploads\/2026\/02\/Drei-Groschen-Roman_Bert-Brecht.png\" class=\"et_pb_lightbox_image\"><span class=\"et_pb_image_wrap\"><img loading=\"lazy\" decoding=\"async\" src=\"https:\/\/www.tuecher-buecher.de\/wp-content\/uploads\/2026\/02\/Drei-Groschen-Roman_Bert-Brecht.png\" title=\"Drei-Groschen-Roman_Bert-Brecht\" width=\"1267\" height=\"2000\" srcset=\"https:\/\/www.tuecher-buecher.de\/wp-content\/uploads\/2026\/02\/Drei-Groschen-Roman_Bert-Brecht.png 1267w, https:\/\/www.tuecher-buecher.de\/wp-content\/uploads\/2026\/02\/Drei-Groschen-Roman_Bert-Brecht-980x1547.png 980w, https:\/\/www.tuecher-buecher.de\/wp-content\/uploads\/2026\/02\/Drei-Groschen-Roman_Bert-Brecht-480x758.png 480w\" sizes=\"(min-width: 0px) and (max-width: 480px) 480px, (min-width: 481px) and (max-width: 980px) 980px, (min-width: 981px) 1267px, 100vw\" class=\"wp-image-1972\" \/><\/span><\/a><\/div><\/div><\/div><div class=\"et_pb_row_inner_2 et_pb_row_inner et_block_row\"><div class=\"et_pb_column_inner_3 et_pb_column_inner et_pb_column et_pb_column_4_4 et-last-child et_block_column et_pb_css_mix_blend_mode_passthrough\"><div class=\"et_pb_image_5 et_pb_image et_pb_module et_block_module\"><a href=\"https:\/\/www.tuecher-buecher.de\/wp-content\/uploads\/2026\/03\/Tuecher-und-Buecher-Tafeln-mit-Objekten-01314.jpg\" class=\"et_pb_lightbox_image\"><span class=\"et_pb_image_wrap\"><img loading=\"lazy\" decoding=\"async\" src=\"https:\/\/www.tuecher-buecher.de\/wp-content\/uploads\/2026\/03\/Tuecher-und-Buecher-Tafeln-mit-Objekten-01314.jpg\" width=\"1333\" height=\"2000\" srcset=\"https:\/\/www.tuecher-buecher.de\/wp-content\/uploads\/2026\/03\/Tuecher-und-Buecher-Tafeln-mit-Objekten-01314.jpg 1333w, https:\/\/www.tuecher-buecher.de\/wp-content\/uploads\/2026\/03\/Tuecher-und-Buecher-Tafeln-mit-Objekten-01314-1280x1920.jpg 1280w, https:\/\/www.tuecher-buecher.de\/wp-content\/uploads\/2026\/03\/Tuecher-und-Buecher-Tafeln-mit-Objekten-01314-980x1470.jpg 980w, https:\/\/www.tuecher-buecher.de\/wp-content\/uploads\/2026\/03\/Tuecher-und-Buecher-Tafeln-mit-Objekten-01314-480x720.jpg 480w\" sizes=\"(min-width: 0px) and (max-width: 480px) 480px, (min-width: 481px) and (max-width: 980px) 980px, (min-width: 981px) and (max-width: 1280px) 1280px, (min-width: 1281px) 1333px, 100vw\" class=\"wp-image-2938\" title=\"Tuecher-und-Buecher-Tafeln-mit-Objekten-01314\" \/><\/span><\/a><\/div><\/div><\/div><\/div><\/div><\/div>\n","protected":false},"excerpt":{"rendered":"<p>Lorem Ipsum&#8230;<\/p>\n","protected":false},"author":1,"featured_media":1972,"comment_status":"closed","ping_status":"closed","template":"","meta":{"footnotes":""},"project_category":[131],"project_tag":[],"class_list":["post-2036","project","type-project","status-publish","has-post-thumbnail","hentry","project_category-vitrinen"],"yoast_head":"<!-- This site is optimized with the Yoast SEO plugin v27.4 - https:\/\/yoast.com\/product\/yoast-seo-wordpress\/ -->\n<title>Vitrine 1 Brecht - T\u00fccher und B\u00fccher<\/title>\n<meta name=\"robots\" content=\"index, follow, max-snippet:-1, max-image-preview:large, max-video-preview:-1\" \/>\n<link rel=\"canonical\" href=\"https:\/\/www.tuecher-buecher.de\/index.php\/project\/vitrine1-brecht\/\" \/>\n<meta property=\"og:locale\" content=\"de_DE\" \/>\n<meta property=\"og:type\" content=\"article\" \/>\n<meta property=\"og:title\" content=\"Vitrine 1 Brecht - T\u00fccher und B\u00fccher\" \/>\n<meta property=\"og:description\" content=\"Lorem Ipsum...\" \/>\n<meta property=\"og:url\" content=\"https:\/\/www.tuecher-buecher.de\/index.php\/project\/vitrine1-brecht\/\" \/>\n<meta property=\"og:site_name\" content=\"T\u00fccher und B\u00fccher\" \/>\n<meta property=\"article:modified_time\" content=\"2026-04-15T10:55:15+00:00\" \/>\n<meta property=\"og:image\" content=\"https:\/\/www.tuecher-buecher.de\/wp-content\/uploads\/2026\/02\/Drei-Groschen-Roman_Bert-Brecht-649x1024.png\" \/>\n\t<meta property=\"og:image:width\" content=\"649\" \/>\n\t<meta property=\"og:image:height\" content=\"1024\" \/>\n\t<meta property=\"og:image:type\" content=\"image\/png\" \/>\n<meta name=\"twitter:card\" content=\"summary_large_image\" \/>\n<script type=\"application\/ld+json\" class=\"yoast-schema-graph\">{\"@context\":\"https:\\\/\\\/schema.org\",\"@graph\":[{\"@type\":\"WebPage\",\"@id\":\"https:\\\/\\\/www.tuecher-buecher.de\\\/index.php\\\/project\\\/vitrine1-brecht\\\/\",\"url\":\"https:\\\/\\\/www.tuecher-buecher.de\\\/index.php\\\/project\\\/vitrine1-brecht\\\/\",\"name\":\"Vitrine 1 Brecht - T\u00fccher und B\u00fccher\",\"isPartOf\":{\"@id\":\"https:\\\/\\\/www.tuecher-buecher.de\\\/#website\"},\"primaryImageOfPage\":{\"@id\":\"https:\\\/\\\/www.tuecher-buecher.de\\\/index.php\\\/project\\\/vitrine1-brecht\\\/#primaryimage\"},\"image\":{\"@id\":\"https:\\\/\\\/www.tuecher-buecher.de\\\/index.php\\\/project\\\/vitrine1-brecht\\\/#primaryimage\"},\"thumbnailUrl\":\"https:\\\/\\\/www.tuecher-buecher.de\\\/wp-content\\\/uploads\\\/2026\\\/02\\\/Drei-Groschen-Roman_Bert-Brecht.png\",\"datePublished\":\"2026-02-12T09:43:16+00:00\",\"dateModified\":\"2026-04-15T10:55:15+00:00\",\"breadcrumb\":{\"@id\":\"https:\\\/\\\/www.tuecher-buecher.de\\\/index.php\\\/project\\\/vitrine1-brecht\\\/#breadcrumb\"},\"inLanguage\":\"de\",\"potentialAction\":[{\"@type\":\"ReadAction\",\"target\":[\"https:\\\/\\\/www.tuecher-buecher.de\\\/index.php\\\/project\\\/vitrine1-brecht\\\/\"]}]},{\"@type\":\"ImageObject\",\"inLanguage\":\"de\",\"@id\":\"https:\\\/\\\/www.tuecher-buecher.de\\\/index.php\\\/project\\\/vitrine1-brecht\\\/#primaryimage\",\"url\":\"https:\\\/\\\/www.tuecher-buecher.de\\\/wp-content\\\/uploads\\\/2026\\\/02\\\/Drei-Groschen-Roman_Bert-Brecht.png\",\"contentUrl\":\"https:\\\/\\\/www.tuecher-buecher.de\\\/wp-content\\\/uploads\\\/2026\\\/02\\\/Drei-Groschen-Roman_Bert-Brecht.png\",\"width\":1267,\"height\":2000},{\"@type\":\"BreadcrumbList\",\"@id\":\"https:\\\/\\\/www.tuecher-buecher.de\\\/index.php\\\/project\\\/vitrine1-brecht\\\/#breadcrumb\",\"itemListElement\":[{\"@type\":\"ListItem\",\"position\":1,\"name\":\"Home\",\"item\":\"https:\\\/\\\/www.tuecher-buecher.de\\\/\"},{\"@type\":\"ListItem\",\"position\":2,\"name\":\"Projects\",\"item\":\"https:\\\/\\\/www.tuecher-buecher.de\\\/index.php\\\/project\\\/\"},{\"@type\":\"ListItem\",\"position\":3,\"name\":\"Vitrine 1 Brecht\"}]},{\"@type\":\"WebSite\",\"@id\":\"https:\\\/\\\/www.tuecher-buecher.de\\\/#website\",\"url\":\"https:\\\/\\\/www.tuecher-buecher.de\\\/\",\"name\":\"T\u00fccher und B\u00fccher\",\"description\":\"Die Sonderausstellung im Brechthaus\",\"publisher\":{\"@id\":\"https:\\\/\\\/www.tuecher-buecher.de\\\/#organization\"},\"potentialAction\":[{\"@type\":\"SearchAction\",\"target\":{\"@type\":\"EntryPoint\",\"urlTemplate\":\"https:\\\/\\\/www.tuecher-buecher.de\\\/?s={search_term_string}\"},\"query-input\":{\"@type\":\"PropertyValueSpecification\",\"valueRequired\":true,\"valueName\":\"search_term_string\"}}],\"inLanguage\":\"de\"},{\"@type\":\"Organization\",\"@id\":\"https:\\\/\\\/www.tuecher-buecher.de\\\/#organization\",\"name\":\"T\u00fccher und B\u00fccher\",\"url\":\"https:\\\/\\\/www.tuecher-buecher.de\\\/\",\"logo\":{\"@type\":\"ImageObject\",\"inLanguage\":\"de\",\"@id\":\"https:\\\/\\\/www.tuecher-buecher.de\\\/#\\\/schema\\\/logo\\\/image\\\/\",\"url\":\"https:\\\/\\\/www.tuecher-buecher.de\\\/wp-content\\\/uploads\\\/2026\\\/02\\\/favicon-Tuecher-und-Buecher.jpg\",\"contentUrl\":\"https:\\\/\\\/www.tuecher-buecher.de\\\/wp-content\\\/uploads\\\/2026\\\/02\\\/favicon-Tuecher-und-Buecher.jpg\",\"width\":600,\"height\":600,\"caption\":\"T\u00fccher und B\u00fccher\"},\"image\":{\"@id\":\"https:\\\/\\\/www.tuecher-buecher.de\\\/#\\\/schema\\\/logo\\\/image\\\/\"}}]}<\/script>\n<!-- \/ Yoast SEO plugin. -->","yoast_head_json":{"title":"Vitrine 1 Brecht - T\u00fccher und B\u00fccher","robots":{"index":"index","follow":"follow","max-snippet":"max-snippet:-1","max-image-preview":"max-image-preview:large","max-video-preview":"max-video-preview:-1"},"canonical":"https:\/\/www.tuecher-buecher.de\/index.php\/project\/vitrine1-brecht\/","og_locale":"de_DE","og_type":"article","og_title":"Vitrine 1 Brecht - T\u00fccher und B\u00fccher","og_description":"Lorem Ipsum...","og_url":"https:\/\/www.tuecher-buecher.de\/index.php\/project\/vitrine1-brecht\/","og_site_name":"T\u00fccher und B\u00fccher","article_modified_time":"2026-04-15T10:55:15+00:00","og_image":[{"width":649,"height":1024,"url":"https:\/\/www.tuecher-buecher.de\/wp-content\/uploads\/2026\/02\/Drei-Groschen-Roman_Bert-Brecht-649x1024.png","type":"image\/png"}],"twitter_card":"summary_large_image","schema":{"@context":"https:\/\/schema.org","@graph":[{"@type":"WebPage","@id":"https:\/\/www.tuecher-buecher.de\/index.php\/project\/vitrine1-brecht\/","url":"https:\/\/www.tuecher-buecher.de\/index.php\/project\/vitrine1-brecht\/","name":"Vitrine 1 Brecht - T\u00fccher und B\u00fccher","isPartOf":{"@id":"https:\/\/www.tuecher-buecher.de\/#website"},"primaryImageOfPage":{"@id":"https:\/\/www.tuecher-buecher.de\/index.php\/project\/vitrine1-brecht\/#primaryimage"},"image":{"@id":"https:\/\/www.tuecher-buecher.de\/index.php\/project\/vitrine1-brecht\/#primaryimage"},"thumbnailUrl":"https:\/\/www.tuecher-buecher.de\/wp-content\/uploads\/2026\/02\/Drei-Groschen-Roman_Bert-Brecht.png","datePublished":"2026-02-12T09:43:16+00:00","dateModified":"2026-04-15T10:55:15+00:00","breadcrumb":{"@id":"https:\/\/www.tuecher-buecher.de\/index.php\/project\/vitrine1-brecht\/#breadcrumb"},"inLanguage":"de","potentialAction":[{"@type":"ReadAction","target":["https:\/\/www.tuecher-buecher.de\/index.php\/project\/vitrine1-brecht\/"]}]},{"@type":"ImageObject","inLanguage":"de","@id":"https:\/\/www.tuecher-buecher.de\/index.php\/project\/vitrine1-brecht\/#primaryimage","url":"https:\/\/www.tuecher-buecher.de\/wp-content\/uploads\/2026\/02\/Drei-Groschen-Roman_Bert-Brecht.png","contentUrl":"https:\/\/www.tuecher-buecher.de\/wp-content\/uploads\/2026\/02\/Drei-Groschen-Roman_Bert-Brecht.png","width":1267,"height":2000},{"@type":"BreadcrumbList","@id":"https:\/\/www.tuecher-buecher.de\/index.php\/project\/vitrine1-brecht\/#breadcrumb","itemListElement":[{"@type":"ListItem","position":1,"name":"Home","item":"https:\/\/www.tuecher-buecher.de\/"},{"@type":"ListItem","position":2,"name":"Projects","item":"https:\/\/www.tuecher-buecher.de\/index.php\/project\/"},{"@type":"ListItem","position":3,"name":"Vitrine 1 Brecht"}]},{"@type":"WebSite","@id":"https:\/\/www.tuecher-buecher.de\/#website","url":"https:\/\/www.tuecher-buecher.de\/","name":"T\u00fccher und B\u00fccher","description":"Die Sonderausstellung im Brechthaus","publisher":{"@id":"https:\/\/www.tuecher-buecher.de\/#organization"},"potentialAction":[{"@type":"SearchAction","target":{"@type":"EntryPoint","urlTemplate":"https:\/\/www.tuecher-buecher.de\/?s={search_term_string}"},"query-input":{"@type":"PropertyValueSpecification","valueRequired":true,"valueName":"search_term_string"}}],"inLanguage":"de"},{"@type":"Organization","@id":"https:\/\/www.tuecher-buecher.de\/#organization","name":"T\u00fccher und B\u00fccher","url":"https:\/\/www.tuecher-buecher.de\/","logo":{"@type":"ImageObject","inLanguage":"de","@id":"https:\/\/www.tuecher-buecher.de\/#\/schema\/logo\/image\/","url":"https:\/\/www.tuecher-buecher.de\/wp-content\/uploads\/2026\/02\/favicon-Tuecher-und-Buecher.jpg","contentUrl":"https:\/\/www.tuecher-buecher.de\/wp-content\/uploads\/2026\/02\/favicon-Tuecher-und-Buecher.jpg","width":600,"height":600,"caption":"T\u00fccher und B\u00fccher"},"image":{"@id":"https:\/\/www.tuecher-buecher.de\/#\/schema\/logo\/image\/"}}]}},"_links":{"self":[{"href":"https:\/\/www.tuecher-buecher.de\/index.php\/wp-json\/wp\/v2\/project\/2036","targetHints":{"allow":["GET"]}}],"collection":[{"href":"https:\/\/www.tuecher-buecher.de\/index.php\/wp-json\/wp\/v2\/project"}],"about":[{"href":"https:\/\/www.tuecher-buecher.de\/index.php\/wp-json\/wp\/v2\/types\/project"}],"author":[{"embeddable":true,"href":"https:\/\/www.tuecher-buecher.de\/index.php\/wp-json\/wp\/v2\/users\/1"}],"replies":[{"embeddable":true,"href":"https:\/\/www.tuecher-buecher.de\/index.php\/wp-json\/wp\/v2\/comments?post=2036"}],"version-history":[{"count":14,"href":"https:\/\/www.tuecher-buecher.de\/index.php\/wp-json\/wp\/v2\/project\/2036\/revisions"}],"predecessor-version":[{"id":3008,"href":"https:\/\/www.tuecher-buecher.de\/index.php\/wp-json\/wp\/v2\/project\/2036\/revisions\/3008"}],"wp:featuredmedia":[{"embeddable":true,"href":"https:\/\/www.tuecher-buecher.de\/index.php\/wp-json\/wp\/v2\/media\/1972"}],"wp:attachment":[{"href":"https:\/\/www.tuecher-buecher.de\/index.php\/wp-json\/wp\/v2\/media?parent=2036"}],"wp:term":[{"taxonomy":"project_category","embeddable":true,"href":"https:\/\/www.tuecher-buecher.de\/index.php\/wp-json\/wp\/v2\/project_category?post=2036"},{"taxonomy":"project_tag","embeddable":true,"href":"https:\/\/www.tuecher-buecher.de\/index.php\/wp-json\/wp\/v2\/project_tag?post=2036"}],"curies":[{"name":"wp","href":"https:\/\/api.w.org\/{rel}","templated":true}]}}